{"id":19,"date":"2023-10-05T23:28:22","date_gmt":"2023-10-05T21:28:22","guid":{"rendered":"https:\/\/airascaer.com.ar\/?page_id=19"},"modified":"2025-04-10T14:56:22","modified_gmt":"2025-04-10T17:56:22","slug":"proyectos-y-obras","status":"publish","type":"page","link":"https:\/\/airascaer.com.ar\/?page_id=19","title":{"rendered":"PROYECTOS Y OBRAS"},"content":{"rendered":"\t\t<div data-elementor-type=\"wp-page\" data-elementor-id=\"19\" class=\"elementor elementor-19\">\n\t\t\t\t<div class=\"elementor-element elementor-element-5061647 e-flex e-con-boxed e-con e-parent\" data-id=\"5061647\" data-element_type=\"container\">\n\t\t\t\t\t<div class=\"e-con-inner\">\n\t\t<div class=\"elementor-element elementor-element-a99eb3a e-con-full e-flex e-con e-child\" data-id=\"a99eb3a\" data-element_type=\"container\">\n\t\t\t\t<div class=\"elementor-element elementor-element-d02a34e elementor-position-top elementor-widget elementor-widget-image-box\" data-id=\"d02a34e\" data-element_type=\"widget\" data-widget_type=\"image-box.default\">\n\t\t\t\t<div class=\"elementor-widget-container\">\n\t\t\t<style>\/*! elementor - v3.21.0 - 15-04-2024 *\/\n.elementor-widget-image-box .elementor-image-box-content{width:100%}@media (min-width:768px){.elementor-widget-image-box.elementor-position-left .elementor-image-box-wrapper,.elementor-widget-image-box.elementor-position-right .elementor-image-box-wrapper{display:flex}.elementor-widget-image-box.elementor-position-right .elementor-image-box-wrapper{text-align:end;flex-direction:row-reverse}.elementor-widget-image-box.elementor-position-left .elementor-image-box-wrapper{text-align:start;flex-direction:row}.elementor-widget-image-box.elementor-position-top .elementor-image-box-img{margin:auto}.elementor-widget-image-box.elementor-vertical-align-top .elementor-image-box-wrapper{align-items:flex-start}.elementor-widget-image-box.elementor-vertical-align-middle .elementor-image-box-wrapper{align-items:center}.elementor-widget-image-box.elementor-vertical-align-bottom .elementor-image-box-wrapper{align-items:flex-end}}@media (max-width:767px){.elementor-widget-image-box .elementor-image-box-img{margin-left:auto!important;margin-right:auto!important;margin-bottom:15px}}.elementor-widget-image-box .elementor-image-box-img{display:inline-block}.elementor-widget-image-box .elementor-image-box-title a{color:inherit}.elementor-widget-image-box .elementor-image-box-wrapper{text-align:center}.elementor-widget-image-box .elementor-image-box-description{margin:0}<\/style><div class=\"elementor-image-box-wrapper\"><figure class=\"elementor-image-box-img\"><img fetchpriority=\"high\" decoding=\"async\" width=\"2560\" height=\"1920\" src=\"https:\/\/airascaer.com.ar\/wp-content\/uploads\/2023\/11\/DJI_0063-scaled.jpg\" class=\"attachment-full size-full wp-image-331\" alt=\"\" srcset=\"https:\/\/airascaer.com.ar\/wp-content\/uploads\/2023\/11\/DJI_0063-scaled.jpg 2560w, https:\/\/airascaer.com.ar\/wp-content\/uploads\/2023\/11\/DJI_0063-300x225.jpg 300w, https:\/\/airascaer.com.ar\/wp-content\/uploads\/2023\/11\/DJI_0063-1024x768.jpg 1024w, https:\/\/airascaer.com.ar\/wp-content\/uploads\/2023\/11\/DJI_0063-768x576.jpg 768w, https:\/\/airascaer.com.ar\/wp-content\/uploads\/2023\/11\/DJI_0063-1536x1152.jpg 1536w, https:\/\/airascaer.com.ar\/wp-content\/uploads\/2023\/11\/DJI_0063-2048x1536.jpg 2048w\" sizes=\"(max-width: 2560px) 100vw, 2560px\" \/><\/figure><div class=\"elementor-image-box-content\"><h3 class=\"elementor-image-box-title\">Instalaci\u00f3n Fotovoltaica de 7,65 kWp<\/h3><p class=\"elementor-image-box-description\">Conectada a la red. Sobre cubierta met\u00e1lica en \u00e1rea rural Armstrong, Santa Fe. \nEstablecimiento \"Las Marias\". \nDiciembre 2022.<\/p><\/div><\/div>\t\t<\/div>\n\t\t\t\t<\/div>\n\t\t\t\t<\/div>\n\t\t<div class=\"elementor-element elementor-element-08bb39e e-con-full e-flex e-con e-child\" data-id=\"08bb39e\" data-element_type=\"container\">\n\t\t\t\t<div class=\"elementor-element elementor-element-958ac87 elementor-position-top elementor-widget elementor-widget-image-box\" data-id=\"958ac87\" data-element_type=\"widget\" data-widget_type=\"image-box.default\">\n\t\t\t\t<div class=\"elementor-widget-container\">\n\t\t\t<div class=\"elementor-image-box-wrapper\"><figure class=\"elementor-image-box-img\"><img decoding=\"async\" width=\"2560\" height=\"1706\" src=\"https:\/\/airascaer.com.ar\/wp-content\/uploads\/2023\/10\/A7C00745-1-scaled.jpg\" class=\"attachment-full size-full wp-image-156\" alt=\"\" srcset=\"https:\/\/airascaer.com.ar\/wp-content\/uploads\/2023\/10\/A7C00745-1-scaled.jpg 2560w, https:\/\/airascaer.com.ar\/wp-content\/uploads\/2023\/10\/A7C00745-1-300x200.jpg 300w, https:\/\/airascaer.com.ar\/wp-content\/uploads\/2023\/10\/A7C00745-1-1024x683.jpg 1024w, https:\/\/airascaer.com.ar\/wp-content\/uploads\/2023\/10\/A7C00745-1-768x512.jpg 768w, https:\/\/airascaer.com.ar\/wp-content\/uploads\/2023\/10\/A7C00745-1-1536x1024.jpg 1536w, https:\/\/airascaer.com.ar\/wp-content\/uploads\/2023\/10\/A7C00745-1-2048x1365.jpg 2048w, https:\/\/airascaer.com.ar\/wp-content\/uploads\/2023\/10\/A7C00745-1-930x620.jpg 930w\" sizes=\"(max-width: 2560px) 100vw, 2560px\" \/><\/figure><div class=\"elementor-image-box-content\"><h3 class=\"elementor-image-box-title\">Planta Fotovoltaica de 220 + 82,5 kWp<\/h3><p class=\"elementor-image-box-description\">Conectada a la red. Sobre suelo en \u00c1rea Industrial Armstrong,  Santa Fe\nCooperativa de Provisi\u00f3n de Obras y Servicios P\u00fablicos de Armstrong Ltda. \nSeptiembre de 2023 y Septiembre de 2024.<\/p><\/div><\/div>\t\t<\/div>\n\t\t\t\t<\/div>\n\t\t\t\t<\/div>\n\t\t\t\t\t<\/div>\n\t\t\t\t<\/div>\n\t\t<div class=\"elementor-element elementor-element-46ecc93 e-flex e-con-boxed e-con e-parent\" data-id=\"46ecc93\" data-element_type=\"container\">\n\t\t\t\t\t<div class=\"e-con-inner\">\n\t\t<div class=\"elementor-element elementor-element-ae30306 e-con-full e-flex e-con e-child\" data-id=\"ae30306\" data-element_type=\"container\">\n\t\t\t\t<div class=\"elementor-element elementor-element-ae9a698 elementor-position-top elementor-widget elementor-widget-image-box\" data-id=\"ae9a698\" data-element_type=\"widget\" data-widget_type=\"image-box.default\">\n\t\t\t\t<div class=\"elementor-widget-container\">\n\t\t\t<div class=\"elementor-image-box-wrapper\"><figure class=\"elementor-image-box-img\"><img decoding=\"async\" width=\"2560\" height=\"1920\" src=\"https:\/\/airascaer.com.ar\/wp-content\/uploads\/2023\/10\/IMG-3601-scaled.jpg\" class=\"attachment-full size-full wp-image-119\" alt=\"\" srcset=\"https:\/\/airascaer.com.ar\/wp-content\/uploads\/2023\/10\/IMG-3601-scaled.jpg 2560w, https:\/\/airascaer.com.ar\/wp-content\/uploads\/2023\/10\/IMG-3601-300x225.jpg 300w, https:\/\/airascaer.com.ar\/wp-content\/uploads\/2023\/10\/IMG-3601-1024x768.jpg 1024w, https:\/\/airascaer.com.ar\/wp-content\/uploads\/2023\/10\/IMG-3601-768x576.jpg 768w, https:\/\/airascaer.com.ar\/wp-content\/uploads\/2023\/10\/IMG-3601-1536x1152.jpg 1536w, https:\/\/airascaer.com.ar\/wp-content\/uploads\/2023\/10\/IMG-3601-2048x1536.jpg 2048w\" sizes=\"(max-width: 2560px) 100vw, 2560px\" \/><\/figure><div class=\"elementor-image-box-content\"><h3 class=\"elementor-image-box-title\">Planta Fotovoltaica de 107,1 kWp<\/h3><p class=\"elementor-image-box-description\">Conectada a la red. Sobre suelo inundable en Barrio Estancia La Rinconada, Ibarlucea, Santa Fe.\nPrograma ERA Colaborativo EPE de consumos comunes del Consorcio.\nNoviembre 2023.<\/p><\/div><\/div>\t\t<\/div>\n\t\t\t\t<\/div>\n\t\t\t\t<\/div>\n\t\t<div class=\"elementor-element elementor-element-53c5437 e-con-full e-flex e-con e-child\" data-id=\"53c5437\" data-element_type=\"container\">\n\t\t\t\t<div class=\"elementor-element elementor-element-fe39c28 elementor-position-top elementor-widget elementor-widget-image-box\" data-id=\"fe39c28\" data-element_type=\"widget\" data-widget_type=\"image-box.default\">\n\t\t\t\t<div class=\"elementor-widget-container\">\n\t\t\t<div class=\"elementor-image-box-wrapper\"><figure class=\"elementor-image-box-img\"><img loading=\"lazy\" decoding=\"async\" width=\"1280\" height=\"960\" src=\"https:\/\/airascaer.com.ar\/wp-content\/uploads\/2023\/10\/Imagen-de-WhatsApp-2023-07-28-a-las-15.40.30.jpg\" class=\"attachment-full size-full wp-image-120\" alt=\"\" srcset=\"https:\/\/airascaer.com.ar\/wp-content\/uploads\/2023\/10\/Imagen-de-WhatsApp-2023-07-28-a-las-15.40.30.jpg 1280w, https:\/\/airascaer.com.ar\/wp-content\/uploads\/2023\/10\/Imagen-de-WhatsApp-2023-07-28-a-las-15.40.30-300x225.jpg 300w, https:\/\/airascaer.com.ar\/wp-content\/uploads\/2023\/10\/Imagen-de-WhatsApp-2023-07-28-a-las-15.40.30-1024x768.jpg 1024w, https:\/\/airascaer.com.ar\/wp-content\/uploads\/2023\/10\/Imagen-de-WhatsApp-2023-07-28-a-las-15.40.30-768x576.jpg 768w\" sizes=\"(max-width: 1280px) 100vw, 1280px\" \/><\/figure><div class=\"elementor-image-box-content\"><h3 class=\"elementor-image-box-title\">Instalaci\u00f3n Fotovoltaica de 40 kWp<\/h3><p class=\"elementor-image-box-description\">Conectado a la red. Sobre cubierta de nave industrial. \nArsemet, \u00c1rea Industrial Armstrong, Santa Fe.\nAgosto de 2024.<\/p><\/div><\/div>\t\t<\/div>\n\t\t\t\t<\/div>\n\t\t\t\t<\/div>\n\t\t\t\t\t<\/div>\n\t\t\t\t<\/div>\n\t\t<div class=\"elementor-element elementor-element-3e5a4c2 e-flex e-con-boxed e-con e-parent\" data-id=\"3e5a4c2\" data-element_type=\"container\">\n\t\t\t\t\t<div class=\"e-con-inner\">\n\t\t<div class=\"elementor-element elementor-element-2a2aaf4 e-con-full e-flex e-con e-child\" data-id=\"2a2aaf4\" data-element_type=\"container\">\n\t\t\t\t<div class=\"elementor-element elementor-element-5392629 elementor-position-top elementor-widget elementor-widget-image-box\" data-id=\"5392629\" data-element_type=\"widget\" data-widget_type=\"image-box.default\">\n\t\t\t\t<div class=\"elementor-widget-container\">\n\t\t\t<div class=\"elementor-image-box-wrapper\"><figure class=\"elementor-image-box-img\"><img loading=\"lazy\" decoding=\"async\" width=\"982\" height=\"982\" src=\"https:\/\/airascaer.com.ar\/wp-content\/uploads\/2023\/10\/Airasca-Circular.png\" class=\"attachment-full size-full wp-image-37\" alt=\"\" srcset=\"https:\/\/airascaer.com.ar\/wp-content\/uploads\/2023\/10\/Airasca-Circular.png 982w, https:\/\/airascaer.com.ar\/wp-content\/uploads\/2023\/10\/Airasca-Circular-300x300.png 300w, https:\/\/airascaer.com.ar\/wp-content\/uploads\/2023\/10\/Airasca-Circular-150x150.png 150w, https:\/\/airascaer.com.ar\/wp-content\/uploads\/2023\/10\/Airasca-Circular-768x768.png 768w\" sizes=\"(max-width: 982px) 100vw, 982px\" \/><\/figure><div class=\"elementor-image-box-content\"><h3 class=\"elementor-image-box-title\">Planta Fotovoltaica de 220kW<\/h3><p class=\"elementor-image-box-description\">Conectada a la red. Sobre suelo en la ciudad de Colonia Belgrano, Santa Fe. Cooperativa de Electricidad y Anexos Colonia Belgrano Ltda.\nEtapa de proyecto con cr\u00e9dito en tr\u00e1mite.<\/p><\/div><\/div>\t\t<\/div>\n\t\t\t\t<\/div>\n\t\t\t\t<\/div>\n\t\t<div class=\"elementor-element elementor-element-b776f02 e-con-full e-flex e-con e-child\" data-id=\"b776f02\" data-element_type=\"container\">\n\t\t\t\t<div class=\"elementor-element elementor-element-5fdb2aa elementor-position-top elementor-widget elementor-widget-image-box\" data-id=\"5fdb2aa\" data-element_type=\"widget\" data-widget_type=\"image-box.default\">\n\t\t\t\t<div class=\"elementor-widget-container\">\n\t\t\t<div class=\"elementor-image-box-wrapper\"><figure class=\"elementor-image-box-img\"><img loading=\"lazy\" decoding=\"async\" width=\"2560\" height=\"1920\" src=\"https:\/\/airascaer.com.ar\/wp-content\/uploads\/2025\/04\/WhatsApp-Image-2025-04-10-at-2.49.08-PM-scaled.jpeg\" class=\"attachment-full size-full wp-image-395\" alt=\"\" srcset=\"https:\/\/airascaer.com.ar\/wp-content\/uploads\/2025\/04\/WhatsApp-Image-2025-04-10-at-2.49.08-PM-scaled.jpeg 2560w, https:\/\/airascaer.com.ar\/wp-content\/uploads\/2025\/04\/WhatsApp-Image-2025-04-10-at-2.49.08-PM-300x225.jpeg 300w, https:\/\/airascaer.com.ar\/wp-content\/uploads\/2025\/04\/WhatsApp-Image-2025-04-10-at-2.49.08-PM-1024x768.jpeg 1024w, https:\/\/airascaer.com.ar\/wp-content\/uploads\/2025\/04\/WhatsApp-Image-2025-04-10-at-2.49.08-PM-768x576.jpeg 768w, https:\/\/airascaer.com.ar\/wp-content\/uploads\/2025\/04\/WhatsApp-Image-2025-04-10-at-2.49.08-PM-1536x1152.jpeg 1536w, https:\/\/airascaer.com.ar\/wp-content\/uploads\/2025\/04\/WhatsApp-Image-2025-04-10-at-2.49.08-PM-2048x1536.jpeg 2048w\" sizes=\"(max-width: 2560px) 100vw, 2560px\" \/><\/figure><div class=\"elementor-image-box-content\"><h3 class=\"elementor-image-box-title\">Instalaci\u00f3n Fotovoltaica de 113 kWp + Ampliaci\u00f3n 1,5 MW totales<\/h3><p class=\"elementor-image-box-description\">Conectada a la red. Sobre terreno ubicado en la ciudad de Hughes, Santa Fe, Argentina. Cooperativa Ltda. de Electricidad y otros Servicios P\u00fablicos de Hughes. Etapa de puesta en marcha + Construcci\u00f3n ampliaci\u00f3n 1era. parte de 500,98 kW.<\/p><\/div><\/div>\t\t<\/div>\n\t\t\t\t<\/div>\n\t\t\t\t<\/div>\n\t\t\t\t\t<\/div>\n\t\t\t\t<\/div>\n\t\t<div class=\"elementor-element elementor-element-6e4aec6 e-flex e-con-boxed e-con e-parent\" data-id=\"6e4aec6\" data-element_type=\"container\">\n\t\t\t\t\t<div class=\"e-con-inner\">\n\t\t<div class=\"elementor-element elementor-element-47b9d0f e-con-full e-flex e-con e-child\" data-id=\"47b9d0f\" data-element_type=\"container\">\n\t\t\t\t<div class=\"elementor-element elementor-element-fd248c9 elementor-position-top elementor-widget elementor-widget-image-box\" data-id=\"fd248c9\" data-element_type=\"widget\" data-widget_type=\"image-box.default\">\n\t\t\t\t<div class=\"elementor-widget-container\">\n\t\t\t<div class=\"elementor-image-box-wrapper\"><figure class=\"elementor-image-box-img\"><img loading=\"lazy\" decoding=\"async\" width=\"982\" height=\"982\" src=\"https:\/\/airascaer.com.ar\/wp-content\/uploads\/2023\/10\/Airasca-Circular.png\" class=\"attachment-full size-full wp-image-37\" alt=\"\" srcset=\"https:\/\/airascaer.com.ar\/wp-content\/uploads\/2023\/10\/Airasca-Circular.png 982w, https:\/\/airascaer.com.ar\/wp-content\/uploads\/2023\/10\/Airasca-Circular-300x300.png 300w, https:\/\/airascaer.com.ar\/wp-content\/uploads\/2023\/10\/Airasca-Circular-150x150.png 150w, https:\/\/airascaer.com.ar\/wp-content\/uploads\/2023\/10\/Airasca-Circular-768x768.png 768w\" sizes=\"(max-width: 982px) 100vw, 982px\" \/><\/figure><div class=\"elementor-image-box-content\"><h3 class=\"elementor-image-box-title\">Planta Fotovoltaica de 220kW<\/h3><p class=\"elementor-image-box-description\">Conectada a la red. Sobre suelo en la ciudad de L\u00f3pez, Santa Fe. Cooperativa de Luz Y Fuerza e Industrias Anexas de Lopez Ltd.\nEtapa de proyecto con cr\u00e9dito en tr\u00e1mite.<\/p><\/div><\/div>\t\t<\/div>\n\t\t\t\t<\/div>\n\t\t\t\t<\/div>\n\t\t<div class=\"elementor-element elementor-element-c69087d e-con-full e-flex e-con e-child\" data-id=\"c69087d\" data-element_type=\"container\">\n\t\t\t\t<div class=\"elementor-element elementor-element-43c314b elementor-position-top elementor-widget elementor-widget-image-box\" data-id=\"43c314b\" data-element_type=\"widget\" data-widget_type=\"image-box.default\">\n\t\t\t\t<div class=\"elementor-widget-container\">\n\t\t\t<div class=\"elementor-image-box-wrapper\"><figure class=\"elementor-image-box-img\"><img loading=\"lazy\" decoding=\"async\" width=\"982\" height=\"982\" src=\"https:\/\/airascaer.com.ar\/wp-content\/uploads\/2023\/10\/Airasca-Circular.png\" class=\"attachment-full size-full wp-image-37\" alt=\"\" srcset=\"https:\/\/airascaer.com.ar\/wp-content\/uploads\/2023\/10\/Airasca-Circular.png 982w, https:\/\/airascaer.com.ar\/wp-content\/uploads\/2023\/10\/Airasca-Circular-300x300.png 300w, https:\/\/airascaer.com.ar\/wp-content\/uploads\/2023\/10\/Airasca-Circular-150x150.png 150w, https:\/\/airascaer.com.ar\/wp-content\/uploads\/2023\/10\/Airasca-Circular-768x768.png 768w\" sizes=\"(max-width: 982px) 100vw, 982px\" \/><\/figure><div class=\"elementor-image-box-content\"><h3 class=\"elementor-image-box-title\">Planta Fotovoltaica de 220kW<\/h3><p class=\"elementor-image-box-description\">Conectada a la red. Sobre suelo en la ciudad de Bigand, Santa Fe. Cooperativa de Obras y Servicios P\u00fablicos y Vivienda de Bigand Ltda.\nEtapa de proyecto con cr\u00e9dito en tr\u00e1mite.<\/p><\/div><\/div>\t\t<\/div>\n\t\t\t\t<\/div>\n\t\t\t\t<\/div>\n\t\t\t\t\t<\/div>\n\t\t\t\t<\/div>\n\t\t<div class=\"elementor-element elementor-element-d8a068f e-flex e-con-boxed e-con e-parent\" data-id=\"d8a068f\" data-element_type=\"container\">\n\t\t\t\t\t<div class=\"e-con-inner\">\n\t\t<div class=\"elementor-element elementor-element-fcdcf4c e-con-full e-flex e-con e-child\" data-id=\"fcdcf4c\" data-element_type=\"container\">\n\t\t\t\t<div class=\"elementor-element elementor-element-0f9ac54 elementor-position-top elementor-widget elementor-widget-image-box\" data-id=\"0f9ac54\" data-element_type=\"widget\" data-widget_type=\"image-box.default\">\n\t\t\t\t<div class=\"elementor-widget-container\">\n\t\t\t<div class=\"elementor-image-box-wrapper\"><figure class=\"elementor-image-box-img\"><img loading=\"lazy\" decoding=\"async\" width=\"982\" height=\"982\" src=\"https:\/\/airascaer.com.ar\/wp-content\/uploads\/2023\/10\/Airasca-Circular.png\" class=\"attachment-full size-full wp-image-37\" alt=\"\" srcset=\"https:\/\/airascaer.com.ar\/wp-content\/uploads\/2023\/10\/Airasca-Circular.png 982w, https:\/\/airascaer.com.ar\/wp-content\/uploads\/2023\/10\/Airasca-Circular-300x300.png 300w, https:\/\/airascaer.com.ar\/wp-content\/uploads\/2023\/10\/Airasca-Circular-150x150.png 150w, https:\/\/airascaer.com.ar\/wp-content\/uploads\/2023\/10\/Airasca-Circular-768x768.png 768w\" sizes=\"(max-width: 982px) 100vw, 982px\" \/><\/figure><div class=\"elementor-image-box-content\"><h3 class=\"elementor-image-box-title\">Planta Fotovoltaica de 220kW<\/h3><p class=\"elementor-image-box-description\">Conectada a la red. Sobre suelo en la ciudad de Tacural, Santa Fe. \nEtapa de proyecto con cr\u00e9dito en tr\u00e1mite.<\/p><\/div><\/div>\t\t<\/div>\n\t\t\t\t<\/div>\n\t\t\t\t<\/div>\n\t\t<div class=\"elementor-element elementor-element-5ba3a4f e-con-full e-flex e-con e-child\" data-id=\"5ba3a4f\" data-element_type=\"container\">\n\t\t\t\t<div class=\"elementor-element elementor-element-02982f5 elementor-position-top elementor-widget elementor-widget-image-box\" data-id=\"02982f5\" data-element_type=\"widget\" data-widget_type=\"image-box.default\">\n\t\t\t\t<div class=\"elementor-widget-container\">\n\t\t\t<div class=\"elementor-image-box-wrapper\"><figure class=\"elementor-image-box-img\"><img loading=\"lazy\" decoding=\"async\" width=\"982\" height=\"982\" src=\"https:\/\/airascaer.com.ar\/wp-content\/uploads\/2023\/10\/Airasca-Circular.png\" class=\"attachment-full size-full wp-image-37\" alt=\"\" srcset=\"https:\/\/airascaer.com.ar\/wp-content\/uploads\/2023\/10\/Airasca-Circular.png 982w, https:\/\/airascaer.com.ar\/wp-content\/uploads\/2023\/10\/Airasca-Circular-300x300.png 300w, https:\/\/airascaer.com.ar\/wp-content\/uploads\/2023\/10\/Airasca-Circular-150x150.png 150w, https:\/\/airascaer.com.ar\/wp-content\/uploads\/2023\/10\/Airasca-Circular-768x768.png 768w\" sizes=\"(max-width: 982px) 100vw, 982px\" \/><\/figure><div class=\"elementor-image-box-content\"><h3 class=\"elementor-image-box-title\">Planta Fotovoltaica de 220kW<\/h3><p class=\"elementor-image-box-description\">Conectada a la red. Sobre suelo en la ciudad de Centeno, Santa Fe. \nEtapa de proyecto.<\/p><\/div><\/div>\t\t<\/div>\n\t\t\t\t<\/div>\n\t\t\t\t<\/div>\n\t\t\t\t\t<\/div>\n\t\t\t\t<\/div>\n\t\t<div class=\"elementor-element elementor-element-a8a8c6a e-flex e-con-boxed e-con e-parent\" data-id=\"a8a8c6a\" data-element_type=\"container\">\n\t\t\t\t\t<div class=\"e-con-inner\">\n\t\t<div class=\"elementor-element elementor-element-3db2e2d e-con-full e-flex e-con e-child\" data-id=\"3db2e2d\" data-element_type=\"container\">\n\t\t\t\t<div class=\"elementor-element elementor-element-a36e80b elementor-widget elementor-widget-image\" data-id=\"a36e80b\" data-element_type=\"widget\" data-widget_type=\"image.default\">\n\t\t\t\t<div class=\"elementor-widget-container\">\n\t\t\t<style>\/*! elementor - v3.21.0 - 15-04-2024 *\/\n.elementor-widget-image{text-align:center}.elementor-widget-image a{display:inline-block}.elementor-widget-image a img[src$=\".svg\"]{width:48px}.elementor-widget-image img{vertical-align:middle;display:inline-block}<\/style>\t\t\t\t\t\t\t\t\t\t<img loading=\"lazy\" decoding=\"async\" width=\"963\" height=\"724\" src=\"https:\/\/airascaer.com.ar\/wp-content\/uploads\/2023\/10\/312971954_546451570817425_727199467167562721_n.jpg\" class=\"attachment-large size-large wp-image-133\" alt=\"\" srcset=\"https:\/\/airascaer.com.ar\/wp-content\/uploads\/2023\/10\/312971954_546451570817425_727199467167562721_n.jpg 963w, https:\/\/airascaer.com.ar\/wp-content\/uploads\/2023\/10\/312971954_546451570817425_727199467167562721_n-300x226.jpg 300w, https:\/\/airascaer.com.ar\/wp-content\/uploads\/2023\/10\/312971954_546451570817425_727199467167562721_n-768x577.jpg 768w\" sizes=\"(max-width: 963px) 100vw, 963px\" \/>\t\t\t\t\t\t\t\t\t\t\t\t\t<\/div>\n\t\t\t\t<\/div>\n\t\t\t\t<\/div>\n\t\t<div class=\"elementor-element elementor-element-012c552 e-con-full e-flex e-con e-child\" data-id=\"012c552\" data-element_type=\"container\">\n\t\t\t\t<div class=\"elementor-element elementor-element-86c01b1 elementor-widget elementor-widget-image\" data-id=\"86c01b1\" data-element_type=\"widget\" data-widget_type=\"image.default\">\n\t\t\t\t<div class=\"elementor-widget-container\">\n\t\t\t\t\t\t\t\t\t\t\t\t\t<img loading=\"lazy\" decoding=\"async\" width=\"1024\" height=\"651\" src=\"https:\/\/airascaer.com.ar\/wp-content\/uploads\/2023\/11\/Sin-titulo-1024x651.jpg\" class=\"attachment-large size-large wp-image-339\" alt=\"\" srcset=\"https:\/\/airascaer.com.ar\/wp-content\/uploads\/2023\/11\/Sin-titulo-1024x651.jpg 1024w, https:\/\/airascaer.com.ar\/wp-content\/uploads\/2023\/11\/Sin-titulo-300x191.jpg 300w, https:\/\/airascaer.com.ar\/wp-content\/uploads\/2023\/11\/Sin-titulo-768x488.jpg 768w, https:\/\/airascaer.com.ar\/wp-content\/uploads\/2023\/11\/Sin-titulo.jpg 1230w\" sizes=\"(max-width: 1024px) 100vw, 1024px\" \/>\t\t\t\t\t\t\t\t\t\t\t\t\t<\/div>\n\t\t\t\t<\/div>\n\t\t\t\t<div class=\"elementor-element elementor-element-b4918b8 elementor-widget elementor-widget-heading\" data-id=\"b4918b8\" data-element_type=\"widget\" data-widget_type=\"heading.default\">\n\t\t\t\t<div class=\"elementor-widget-container\">\n\t\t\t<style>\/*! elementor - v3.21.0 - 15-04-2024 *\/\n.elementor-heading-title{padding:0;margin:0;line-height:1}.elementor-widget-heading .elementor-heading-title[class*=elementor-size-]>a{color:inherit;font-size:inherit;line-height:inherit}.elementor-widget-heading .elementor-heading-title.elementor-size-small{font-size:15px}.elementor-widget-heading .elementor-heading-title.elementor-size-medium{font-size:19px}.elementor-widget-heading .elementor-heading-title.elementor-size-large{font-size:29px}.elementor-widget-heading .elementor-heading-title.elementor-size-xl{font-size:39px}.elementor-widget-heading .elementor-heading-title.elementor-size-xxl{font-size:59px}<\/style><h3 class=\"elementor-heading-title elementor-size-default\">Proyecto integral de nueva iluminaci\u00f3n p\u00fablica<\/h3>\t\t<\/div>\n\t\t\t\t<\/div>\n\t\t\t\t<\/div>\n\t\t\t\t\t<\/div>\n\t\t\t\t<\/div>\n\t\t<div class=\"elementor-element elementor-element-ae4e734 e-flex e-con-boxed e-con e-parent\" data-id=\"ae4e734\" data-element_type=\"container\">\n\t\t\t\t\t<div class=\"e-con-inner\">\n\t\t\t\t<div class=\"elementor-element elementor-element-fdd8548 elementor-widget elementor-widget-text-editor\" data-id=\"fdd8548\" data-element_type=\"widget\" data-widget_type=\"text-editor.default\">\n\t\t\t\t<div class=\"elementor-widget-container\">\n\t\t\t<style>\/*! elementor - v3.21.0 - 15-04-2024 *\/\n.elementor-widget-text-editor.elementor-drop-cap-view-stacked .elementor-drop-cap{background-color:#69727d;color:#fff}.elementor-widget-text-editor.elementor-drop-cap-view-framed .elementor-drop-cap{color:#69727d;border:3px solid;background-color:transparent}.elementor-widget-text-editor:not(.elementor-drop-cap-view-default) .elementor-drop-cap{margin-top:8px}.elementor-widget-text-editor:not(.elementor-drop-cap-view-default) .elementor-drop-cap-letter{width:1em;height:1em}.elementor-widget-text-editor .elementor-drop-cap{float:left;text-align:center;line-height:1;font-size:50px}.elementor-widget-text-editor .elementor-drop-cap-letter{display:inline-block}<\/style>\t\t\t\t<div>Comprende la totalidad de las calles, plazas y paseos de la ciudad de Armstrong, Santa Fe. <br \/>Reemplazo de alumbrado con l\u00e1mparas de sodio de alta presi\u00f3n por tecnolog\u00eda LED, e implementaci\u00f3n de nuevas en zonas carentes de iluminaci\u00f3n. <br \/>En ejecuci\u00f3n, 35% de la obra concretada.<\/div><div>\u00a0<\/div>\t\t\t\t\t\t<\/div>\n\t\t\t\t<\/div>\n\t\t\t\t\t<\/div>\n\t\t\t\t<\/div>\n\t\t<div class=\"elementor-element elementor-element-7938d24 e-flex e-con-boxed e-con e-parent\" data-id=\"7938d24\" data-element_type=\"container\">\n\t\t\t\t\t<div class=\"e-con-inner\">\n\t\t<div class=\"elementor-element elementor-element-748df6f e-con-full e-flex e-con e-child\" data-id=\"748df6f\" data-element_type=\"container\">\n\t\t\t\t<div class=\"elementor-element elementor-element-d1de603 elementor-position-top elementor-widget elementor-widget-image-box\" data-id=\"d1de603\" data-element_type=\"widget\" data-widget_type=\"image-box.default\">\n\t\t\t\t<div class=\"elementor-widget-container\">\n\t\t\t<div class=\"elementor-image-box-wrapper\"><figure class=\"elementor-image-box-img\"><img loading=\"lazy\" decoding=\"async\" width=\"1600\" height=\"1200\" src=\"https:\/\/airascaer.com.ar\/wp-content\/uploads\/2024\/03\/WhatsApp-Image-2024-03-10-at-16.30.37.jpeg\" class=\"attachment-full size-full wp-image-356\" alt=\"\" srcset=\"https:\/\/airascaer.com.ar\/wp-content\/uploads\/2024\/03\/WhatsApp-Image-2024-03-10-at-16.30.37.jpeg 1600w, https:\/\/airascaer.com.ar\/wp-content\/uploads\/2024\/03\/WhatsApp-Image-2024-03-10-at-16.30.37-300x225.jpeg 300w, https:\/\/airascaer.com.ar\/wp-content\/uploads\/2024\/03\/WhatsApp-Image-2024-03-10-at-16.30.37-1024x768.jpeg 1024w, https:\/\/airascaer.com.ar\/wp-content\/uploads\/2024\/03\/WhatsApp-Image-2024-03-10-at-16.30.37-768x576.jpeg 768w, https:\/\/airascaer.com.ar\/wp-content\/uploads\/2024\/03\/WhatsApp-Image-2024-03-10-at-16.30.37-1536x1152.jpeg 1536w\" sizes=\"(max-width: 1600px) 100vw, 1600px\" \/><\/figure><div class=\"elementor-image-box-content\"><h3 class=\"elementor-image-box-title\">Instalaci\u00f3n Fotovoltaica de 5,22 kWp<\/h3><p class=\"elementor-image-box-description\">Conectada a la red. Sobre cubierta de vivienda en la ciudad de Rosario, Santa Fe. Programa ERA, EPE.\n Marzo 2024.<\/p><\/div><\/div>\t\t<\/div>\n\t\t\t\t<\/div>\n\t\t\t\t<\/div>\n\t\t<div class=\"elementor-element elementor-element-a522294 e-con-full e-flex e-con e-child\" data-id=\"a522294\" data-element_type=\"container\">\n\t\t\t\t<div class=\"elementor-element elementor-element-a272659 elementor-position-top elementor-widget elementor-widget-image-box\" data-id=\"a272659\" data-element_type=\"widget\" data-widget_type=\"image-box.default\">\n\t\t\t\t<div class=\"elementor-widget-container\">\n\t\t\t<div class=\"elementor-image-box-wrapper\"><figure class=\"elementor-image-box-img\"><img loading=\"lazy\" decoding=\"async\" width=\"1280\" height=\"576\" src=\"https:\/\/airascaer.com.ar\/wp-content\/uploads\/2024\/03\/WhatsApp-Image-2024-02-03-at-12.54.39.jpeg\" class=\"attachment-full size-full wp-image-358\" alt=\"\" srcset=\"https:\/\/airascaer.com.ar\/wp-content\/uploads\/2024\/03\/WhatsApp-Image-2024-02-03-at-12.54.39.jpeg 1280w, https:\/\/airascaer.com.ar\/wp-content\/uploads\/2024\/03\/WhatsApp-Image-2024-02-03-at-12.54.39-300x135.jpeg 300w, https:\/\/airascaer.com.ar\/wp-content\/uploads\/2024\/03\/WhatsApp-Image-2024-02-03-at-12.54.39-1024x461.jpeg 1024w, https:\/\/airascaer.com.ar\/wp-content\/uploads\/2024\/03\/WhatsApp-Image-2024-02-03-at-12.54.39-768x346.jpeg 768w\" sizes=\"(max-width: 1280px) 100vw, 1280px\" \/><\/figure><div class=\"elementor-image-box-content\"><h3 class=\"elementor-image-box-title\">Planta Fotovoltaica de 17,7 kWp<\/h3><p class=\"elementor-image-box-description\">Conectada a la red. Sobre suelo del PEYRA Panta de reciclaje Armstrong, Santa Fe.\nEnero 2024.<\/p><\/div><\/div>\t\t<\/div>\n\t\t\t\t<\/div>\n\t\t\t\t<\/div>\n\t\t\t\t\t<\/div>\n\t\t\t\t<\/div>\n\t\t<div class=\"elementor-element elementor-element-5905e2b e-flex e-con-boxed e-con e-parent\" data-id=\"5905e2b\" data-element_type=\"container\">\n\t\t\t\t\t<div class=\"e-con-inner\">\n\t\t<div class=\"elementor-element elementor-element-7689086 e-con-full e-flex e-con e-child\" data-id=\"7689086\" data-element_type=\"container\">\n\t\t\t\t<div class=\"elementor-element elementor-element-f2c9f5b elementor-position-top elementor-widget elementor-widget-image-box\" data-id=\"f2c9f5b\" data-element_type=\"widget\" data-widget_type=\"image-box.default\">\n\t\t\t\t<div class=\"elementor-widget-container\">\n\t\t\t<div class=\"elementor-image-box-wrapper\"><figure class=\"elementor-image-box-img\"><img loading=\"lazy\" decoding=\"async\" width=\"1920\" height=\"2560\" src=\"https:\/\/airascaer.com.ar\/wp-content\/uploads\/2025\/04\/WhatsApp-Image-2024-07-13-at-10.09.39-scaled.jpeg\" class=\"attachment-full size-full wp-image-389\" alt=\"\" srcset=\"https:\/\/airascaer.com.ar\/wp-content\/uploads\/2025\/04\/WhatsApp-Image-2024-07-13-at-10.09.39-scaled.jpeg 1920w, https:\/\/airascaer.com.ar\/wp-content\/uploads\/2025\/04\/WhatsApp-Image-2024-07-13-at-10.09.39-225x300.jpeg 225w, https:\/\/airascaer.com.ar\/wp-content\/uploads\/2025\/04\/WhatsApp-Image-2024-07-13-at-10.09.39-768x1024.jpeg 768w, https:\/\/airascaer.com.ar\/wp-content\/uploads\/2025\/04\/WhatsApp-Image-2024-07-13-at-10.09.39-1152x1536.jpeg 1152w, https:\/\/airascaer.com.ar\/wp-content\/uploads\/2025\/04\/WhatsApp-Image-2024-07-13-at-10.09.39-1536x2048.jpeg 1536w\" sizes=\"(max-width: 1920px) 100vw, 1920px\" \/><\/figure><div class=\"elementor-image-box-content\"><h3 class=\"elementor-image-box-title\">Instalaci\u00f3n Fotovoltaica de 132 kWp<\/h3><p class=\"elementor-image-box-description\">Conectada a la red. Sobre terreno del \u00c1rea Industrial de San Gregorio, Santa Fe, Argentina. Coopescrevi. Etapa de construcci\u00f3n. Junio 2024.<\/p><\/div><\/div>\t\t<\/div>\n\t\t\t\t<\/div>\n\t\t\t\t<\/div>\n\t\t<div class=\"elementor-element elementor-element-20ebbac e-con-full e-flex e-con e-child\" data-id=\"20ebbac\" data-element_type=\"container\">\n\t\t\t\t<div class=\"elementor-element elementor-element-d5e62a3 elementor-position-top elementor-widget elementor-widget-image-box\" data-id=\"d5e62a3\" data-element_type=\"widget\" data-widget_type=\"image-box.default\">\n\t\t\t\t<div class=\"elementor-widget-container\">\n\t\t\t<div class=\"elementor-image-box-wrapper\"><figure class=\"elementor-image-box-img\"><img loading=\"lazy\" decoding=\"async\" width=\"572\" height=\"858\" src=\"https:\/\/airascaer.com.ar\/wp-content\/uploads\/2025\/04\/Sin-titulo.png\" class=\"attachment-full size-full wp-image-390\" alt=\"\" srcset=\"https:\/\/airascaer.com.ar\/wp-content\/uploads\/2025\/04\/Sin-titulo.png 572w, https:\/\/airascaer.com.ar\/wp-content\/uploads\/2025\/04\/Sin-titulo-200x300.png 200w\" sizes=\"(max-width: 572px) 100vw, 572px\" \/><\/figure><div class=\"elementor-image-box-content\"><h3 class=\"elementor-image-box-title\">Instalaci\u00f3n Fotovoltaica de 110 kWp<\/h3><p class=\"elementor-image-box-description\">Conectada a la red. Sobre terreno de la Cooperativa El\u00e9ctrica y de Servicios Mariano Morenos Ltda. 9 de Julio, Buenos Aires, Argentina. Julio 2024.<\/p><\/div><\/div>\t\t<\/div>\n\t\t\t\t<\/div>\n\t\t\t\t<\/div>\n\t\t\t\t\t<\/div>\n\t\t\t\t<\/div>\n\t\t<div class=\"elementor-element elementor-element-769e54e e-flex e-con-boxed e-con e-parent\" data-id=\"769e54e\" data-element_type=\"container\">\n\t\t\t\t\t<div class=\"e-con-inner\">\n\t\t<div class=\"elementor-element elementor-element-f6aa7dd e-con-full e-flex e-con e-child\" data-id=\"f6aa7dd\" data-element_type=\"container\">\n\t\t\t\t<div class=\"elementor-element elementor-element-1c33194 elementor-position-top elementor-widget elementor-widget-image-box\" data-id=\"1c33194\" data-element_type=\"widget\" data-widget_type=\"image-box.default\">\n\t\t\t\t<div class=\"elementor-widget-container\">\n\t\t\t<div class=\"elementor-image-box-wrapper\"><figure class=\"elementor-image-box-img\"><img loading=\"lazy\" decoding=\"async\" width=\"963\" height=\"1280\" src=\"https:\/\/airascaer.com.ar\/wp-content\/uploads\/2025\/04\/WhatsApp-Image-2024-11-27-at-09.51.42-1.jpeg\" class=\"attachment-full size-full wp-image-388\" alt=\"\" srcset=\"https:\/\/airascaer.com.ar\/wp-content\/uploads\/2025\/04\/WhatsApp-Image-2024-11-27-at-09.51.42-1.jpeg 963w, https:\/\/airascaer.com.ar\/wp-content\/uploads\/2025\/04\/WhatsApp-Image-2024-11-27-at-09.51.42-1-226x300.jpeg 226w, https:\/\/airascaer.com.ar\/wp-content\/uploads\/2025\/04\/WhatsApp-Image-2024-11-27-at-09.51.42-1-770x1024.jpeg 770w, https:\/\/airascaer.com.ar\/wp-content\/uploads\/2025\/04\/WhatsApp-Image-2024-11-27-at-09.51.42-1-768x1021.jpeg 768w\" sizes=\"(max-width: 963px) 100vw, 963px\" \/><\/figure><div class=\"elementor-image-box-content\"><h3 class=\"elementor-image-box-title\">Instalaci\u00f3n Fotovoltaica de 272,78 kWp<\/h3><p class=\"elementor-image-box-description\">Conectada a la red. Sobre cubiertas met\u00e1licas de \"Doble L\" Bioenerg\u00edas, Sa Pereira, Santa Fe, Argentina.  Prosumidores 4.0. Enero 2025.<\/p><\/div><\/div>\t\t<\/div>\n\t\t\t\t<\/div>\n\t\t\t\t<\/div>\n\t\t<div class=\"elementor-element elementor-element-b23496e e-con-full e-flex e-con e-child\" data-id=\"b23496e\" data-element_type=\"container\">\n\t\t\t\t<div class=\"elementor-element elementor-element-0301eb1 elementor-position-top elementor-widget elementor-widget-image-box\" data-id=\"0301eb1\" data-element_type=\"widget\" data-widget_type=\"image-box.default\">\n\t\t\t\t<div class=\"elementor-widget-container\">\n\t\t\t<div class=\"elementor-image-box-wrapper\"><figure class=\"elementor-image-box-img\"><img loading=\"lazy\" decoding=\"async\" width=\"583\" height=\"667\" src=\"https:\/\/airascaer.com.ar\/wp-content\/uploads\/2025\/04\/laura-casa.png\" class=\"attachment-full size-full wp-image-399\" alt=\"\" srcset=\"https:\/\/airascaer.com.ar\/wp-content\/uploads\/2025\/04\/laura-casa.png 583w, https:\/\/airascaer.com.ar\/wp-content\/uploads\/2025\/04\/laura-casa-262x300.png 262w\" sizes=\"(max-width: 583px) 100vw, 583px\" \/><\/figure><div class=\"elementor-image-box-content\"><h3 class=\"elementor-image-box-title\">Instalaci\u00f3n Fotovoltaica de 3,44 kWp<\/h3><p class=\"elementor-image-box-description\">Conectada a la red. Sobre vivienda unifamiliar en Armstrong, Santa Fe, Argentina. Prosumidores 4.0. Abril 2025.<\/p><\/div><\/div>\t\t<\/div>\n\t\t\t\t<\/div>\n\t\t\t\t<\/div>\n\t\t\t\t\t<\/div>\n\t\t\t\t<\/div>\n\t\t\t\t<\/div>\n\t\t","protected":false},"excerpt":{"rendered":"<p>Instalaci\u00f3n Fotovoltaica de 7,65 kWp Conectada a la red. Sobre cubierta met\u00e1lica en \u00e1rea rural Armstrong, Santa Fe. Establecimiento \u00abLas Marias\u00bb. Diciembre 2022. Planta Fotovoltaica de 220 + 82,5 kWp Conectada a la red. Sobre suelo en \u00c1rea Industrial Armstrong, Santa Fe Cooperativa de Provisi\u00f3n de Obras y Servicios P\u00fablicos de Armstrong Ltda. Septiembre de&hellip;&nbsp;<a href=\"https:\/\/airascaer.com.ar\/?page_id=19\" class=\"\" rel=\"bookmark\">Leer m\u00e1s &raquo;<span class=\"screen-reader-text\">PROYECTOS Y OBRAS<\/span><\/a><\/p>\n","protected":false},"author":1,"featured_media":0,"parent":0,"menu_order":0,"comment_status":"closed","ping_status":"closed","template":"page-templates\/template-pagebuilder-full-width.php","meta":{"neve_meta_sidebar":"","neve_meta_container":"","neve_meta_enable_content_width":"","neve_meta_content_width":0,"neve_meta_title_alignment":"","neve_meta_author_avatar":"","neve_post_elements_order":"","neve_meta_disable_header":"","neve_meta_disable_footer":"","neve_meta_disable_title":"","footnotes":"","_joinchat":[]},"_links":{"self":[{"href":"https:\/\/airascaer.com.ar\/index.php?rest_route=\/wp\/v2\/pages\/19"}],"collection":[{"href":"https:\/\/airascaer.com.ar\/index.php?rest_route=\/wp\/v2\/pages"}],"about":[{"href":"https:\/\/airascaer.com.ar\/index.php?rest_route=\/wp\/v2\/types\/page"}],"author":[{"embeddable":true,"href":"https:\/\/airascaer.com.ar\/index.php?rest_route=\/wp\/v2\/users\/1"}],"replies":[{"embeddable":true,"href":"https:\/\/airascaer.com.ar\/index.php?rest_route=%2Fwp%2Fv2%2Fcomments&post=19"}],"version-history":[{"count":31,"href":"https:\/\/airascaer.com.ar\/index.php?rest_route=\/wp\/v2\/pages\/19\/revisions"}],"predecessor-version":[{"id":402,"href":"https:\/\/airascaer.com.ar\/index.php?rest_route=\/wp\/v2\/pages\/19\/revisions\/402"}],"wp:attachment":[{"href":"https:\/\/airascaer.com.ar\/index.php?rest_route=%2Fwp%2Fv2%2Fmedia&parent=19"}],"curies":[{"name":"wp","href":"https:\/\/api.w.org\/{rel}","templated":true}]}}